{"id":19303,"date":"2022-04-27T11:47:35","date_gmt":"2022-04-27T15:47:35","guid":{"rendered":"https:\/\/cjf-fjc.ca\/cjf-jackman-award-for-excellence-in-journalism-jury\/"},"modified":"2024-08-07T17:50:55","modified_gmt":"2024-08-07T21:50:55","slug":"panel-de-juges-du-prix-dexcellence-en-journalisme","status":"publish","type":"page","link":"https:\/\/cjf-fjc.ca\/fr\/panel-de-juges-du-prix-dexcellence-en-journalisme\/","title":{"rendered":"Les membres du jury &#8211; Prix \u200b\u200bCJF Jackman pour l\u2019excellence en journalisme"},"content":{"rendered":"<div class=\"wpb-content-wrapper\"><p>[vc_row][vc_column][vc_column_text css=\u00a0\u00bb\u00a0\u00bb]<\/p>\n<h4><strong>2024 Jury<\/strong><\/h4>\n<p>[\/vc_column_text][\/vc_column][\/vc_row][vc_row css=\u00a0\u00bb.vc_custom_1651071790151{margin-bottom: 30px !important;}\u00a0\u00bb][vc_column][vc_column_text css=\u00a0\u00bb\u00a0\u00bb]<strong><img loading=\"lazy\" decoding=\"async\" class=\"wp-image-15491 size-full alignleft\" src=\"https:\/\/cjf-fjc.ca\/wp-content\/uploads\/waddell-chris-crop100pxjpg.jpeg\" alt=\"\" width=\"100\" height=\"129\" \/><\/strong><\/p>\n<p>&nbsp;<\/p>\n<p>&nbsp;<\/p>\n<p><strong>\u00a0<\/strong><\/p>\n<p>&nbsp;<\/p>\n<p><strong>Christopher Waddell\u00a0\u00a0<\/strong><\/p>\n<p>(Pr\u00e9sident) Professeur \u00e9m\u00e9rite, \u00c9cole de journalisme et de communication, Universit\u00e9 Carleton[\/vc_column_text][\/vc_column][\/vc_row][vc_row css=\u00a0\u00bb.vc_custom_1651071790151{margin-bottom: 30px !important;}\u00a0\u00bb][vc_column][vc_column_text css=\u00a0\u00bb\u00a0\u00bb]<\/p>\n<p style=\"text-align: left;\"><img loading=\"lazy\" decoding=\"async\" class=\"alignnone wp-image-20950 size-full\" src=\"https:\/\/cjf-fjc.ca\/wp-content\/uploads\/Manjula-Dufresne.png\" alt=\"Manjula Dufresne\" width=\"100\" height=\"131\" srcset=\"https:\/\/cjf-fjc.ca\/wp-content\/uploads\/Manjula-Dufresne.png 100w, https:\/\/cjf-fjc.ca\/wp-content\/uploads\/Manjula-Dufresne-18x24.png 18w, https:\/\/cjf-fjc.ca\/wp-content\/uploads\/Manjula-Dufresne-27x36.png 27w, https:\/\/cjf-fjc.ca\/wp-content\/uploads\/Manjula-Dufresne-37x48.png 37w\" sizes=\"auto, (max-width: 100px) 100vw, 100px\" \/><\/p>\n<p style=\"text-align: left;\"><strong>Manjula Dufresne<\/strong><\/p>\n<p style=\"text-align: left;\">Ancien producteur, The National, CBC News Network<\/p>\n<p>[\/vc_column_text][\/vc_column][\/vc_row][vc_row css=\u00a0\u00bb.vc_custom_1651071790151{margin-bottom: 30px !important;}\u00a0\u00bb][vc_column][vc_column_text css=\u00a0\u00bb\u00a0\u00bb]<strong><img loading=\"lazy\" decoding=\"async\" class=\"alignnone wp-image-18379 size-full\" src=\"https:\/\/cjf-fjc.ca\/wp-content\/uploads\/Wendy_Metcalfe_100px.jpeg\" alt=\"\" width=\"100\" height=\"131\" \/><\/strong><\/p>\n<p><strong><b>Wendy Metcalfe<\/b><br \/>\n<\/strong><\/p>\n<p>Vice-pr\u00e9sident du contenu et r\u00e9dacteur en chef, Hearst Connecticut Media Group<\/p>\n<p><strong>\u00a0<\/strong>[\/vc_column_text][\/vc_column][\/vc_row][vc_row css=\u00a0\u00bb.vc_custom_1651071790151{margin-bottom: 30px !important;}\u00a0\u00bb][vc_column][vc_column_text css=\u00a0\u00bb\u00a0\u00bb]<strong><img loading=\"lazy\" decoding=\"async\" class=\"alignnone wp-image-22637 \" src=\"https:\/\/cjf-fjc.ca\/wp-content\/uploads\/Sonali-Verma-300x200.jpeg\" alt=\"\" width=\"171\" height=\"114\" srcset=\"https:\/\/cjf-fjc.ca\/wp-content\/uploads\/Sonali-Verma-300x200.jpeg 300w, https:\/\/cjf-fjc.ca\/wp-content\/uploads\/Sonali-Verma-768x512.jpeg 768w, https:\/\/cjf-fjc.ca\/wp-content\/uploads\/Sonali-Verma-24x16.jpeg 24w, https:\/\/cjf-fjc.ca\/wp-content\/uploads\/Sonali-Verma-36x24.jpeg 36w, https:\/\/cjf-fjc.ca\/wp-content\/uploads\/Sonali-Verma-48x32.jpeg 48w, https:\/\/cjf-fjc.ca\/wp-content\/uploads\/Sonali-Verma.jpeg 900w\" sizes=\"auto, (max-width: 171px) 100vw, 171px\" \/><\/strong><\/p>\n<p><strong><b>Sonali Verma<\/b><br \/>\n<\/strong><\/p>\n<p>Chef adjoint de l&rsquo;audience, The Globe and Mail<strong>\u00a0<\/strong>[\/vc_column_text][\/vc_column][\/vc_row][vc_row css=\u00a0\u00bb.vc_custom_1651071790151{margin-bottom: 30px !important;}\u00a0\u00bb][vc_column][vc_column_text css=\u00a0\u00bb\u00a0\u00bb]<strong><img loading=\"lazy\" decoding=\"async\" class=\"alignnone wp-image-22639 \" src=\"https:\/\/cjf-fjc.ca\/wp-content\/uploads\/Rob-Russo-303-scaled-1-200x300.jpg\" alt=\"\" width=\"109\" height=\"164\" srcset=\"https:\/\/cjf-fjc.ca\/wp-content\/uploads\/Rob-Russo-303-scaled-1-200x300.jpg 200w, https:\/\/cjf-fjc.ca\/wp-content\/uploads\/Rob-Russo-303-scaled-1-683x1024.jpg 683w, https:\/\/cjf-fjc.ca\/wp-content\/uploads\/Rob-Russo-303-scaled-1-768x1152.jpg 768w, https:\/\/cjf-fjc.ca\/wp-content\/uploads\/Rob-Russo-303-scaled-1-1024x1536.jpg 1024w, https:\/\/cjf-fjc.ca\/wp-content\/uploads\/Rob-Russo-303-scaled-1-1366x2048.jpg 1366w, https:\/\/cjf-fjc.ca\/wp-content\/uploads\/Rob-Russo-303-scaled-1-16x24.jpg 16w, https:\/\/cjf-fjc.ca\/wp-content\/uploads\/Rob-Russo-303-scaled-1-24x36.jpg 24w, https:\/\/cjf-fjc.ca\/wp-content\/uploads\/Rob-Russo-303-scaled-1-32x48.jpg 32w, https:\/\/cjf-fjc.ca\/wp-content\/uploads\/Rob-Russo-303-scaled-1.jpg 1707w\" sizes=\"auto, (max-width: 109px) 100vw, 109px\" \/><\/strong><\/p>\n<p><strong data-wp-editing=\"1\"><b>Rob Russo<\/b><br \/>\n<\/strong><\/p>\n<p>Chef du bureau d&rsquo;Ottawa CBC\/Radio-Canada[\/vc_column_text][\/vc_column][\/vc_row]<\/p>\n<\/div>","protected":false},"excerpt":{"rendered":"<p>[vc_row][vc_column][vc_column_text css=\u00a0\u00bb\u00a0\u00bb] 2024 Jury [\/vc_column_text][\/vc_column][\/vc_row][vc_row css=\u00a0\u00bb.vc_custom_1651071790151{margin-bottom: 30px !important;}\u00a0\u00bb][vc_column][vc_column_text css=\u00a0\u00bb\u00a0\u00bb] &nbsp; &nbsp; \u00a0 &nbsp; Christopher Waddell\u00a0\u00a0 (Pr\u00e9sident) Professeur \u00e9m\u00e9rite, \u00c9cole de journalisme et de communication, Universit\u00e9 Carleton[\/vc_column_text][\/vc_column][\/vc_row][vc_row css=\u00a0\u00bb.vc_custom_1651071790151{margin-bottom: 30px !important;}\u00a0\u00bb][vc_column][vc_column_text css=\u00a0\u00bb\u00a0\u00bb] [&hellip;]<\/p>\n","protected":false},"author":9,"featured_media":0,"parent":0,"menu_order":0,"comment_status":"closed","ping_status":"closed","template":"","meta":{"_acf_changed":false,"footnotes":""},"class_list":["post-19303","page","type-page","status-publish","hentry"],"acf":[],"_links":{"self":[{"href":"https:\/\/cjf-fjc.ca\/fr\/wp-json\/wp\/v2\/pages\/19303","targetHints":{"allow":["GET"]}}],"collection":[{"href":"https:\/\/cjf-fjc.ca\/fr\/wp-json\/wp\/v2\/pages"}],"about":[{"href":"https:\/\/cjf-fjc.ca\/fr\/wp-json\/wp\/v2\/types\/page"}],"author":[{"embeddable":true,"href":"https:\/\/cjf-fjc.ca\/fr\/wp-json\/wp\/v2\/users\/9"}],"replies":[{"embeddable":true,"href":"https:\/\/cjf-fjc.ca\/fr\/wp-json\/wp\/v2\/comments?post=19303"}],"version-history":[{"count":7,"href":"https:\/\/cjf-fjc.ca\/fr\/wp-json\/wp\/v2\/pages\/19303\/revisions"}],"predecessor-version":[{"id":23351,"href":"https:\/\/cjf-fjc.ca\/fr\/wp-json\/wp\/v2\/pages\/19303\/revisions\/23351"}],"wp:attachment":[{"href":"https:\/\/cjf-fjc.ca\/fr\/wp-json\/wp\/v2\/media?parent=19303"}],"curies":[{"name":"wp","href":"https:\/\/api.w.org\/{rel}","templated":true}]}}