{"id":18836,"date":"2022-04-22T11:47:27","date_gmt":"2022-04-22T15:47:27","guid":{"rendered":"https:\/\/cjf-fjc.ca\/tom-hanson-photojournalism-award\/"},"modified":"2025-12-18T15:52:18","modified_gmt":"2025-12-18T20:52:18","slug":"prix-de-photojournalisme-tom-hanson","status":"publish","type":"page","link":"https:\/\/cjf-fjc.ca\/fr\/prix-de-photojournalisme-tom-hanson\/","title":{"rendered":"Prix de photojournalisme Tom Hanson"},"content":{"rendered":"<div class=\"wpb-content-wrapper\"><p>[vc_row][vc_column width=\u00a0\u00bb2\/3&Prime;][vc_btn title=\u00a0\u00bbPostulez ici\u00a0\u00bb align=\u00a0\u00bbcenter\u00a0\u00bb css=\u00a0\u00bb\u00a0\u00bb button_block=\u00a0\u00bbtrue\u00a0\u00bb link=\u00a0\u00bburl:https%3A%2F%2Fcjf-fjc.ca%2Fcriteria%2F\u00a0\u00bb][vc_column_text css=\u00a0\u00bb\u00a0\u00bb]<\/p>\n<h1><strong>Prix de photojournalisme Tom Hanson <\/strong><\/h1>\n<p>Ce prix offre \u00e0 un photojournaliste en d\u00e9but de carri\u00e8re un stage r\u00e9mun\u00e9r\u00e9 de six semaines \u00e0 <strong>La Presse canadienne<\/strong>, ce qui lui donne l\u2019occasion de travailler dans un environnement tr\u00e9pidant et d\u2019acqu\u00e9rir une visibilit\u00e9 nationale.<\/p>\n<p>Merci \u00e0 Sony pour son appui g\u00e9n\u00e9reux.[\/vc_column_text][vc_btn title=\u00a0\u00bbPostulez ici\u00a0\u00bb align=\u00a0\u00bbcenter\u00a0\u00bb css=\u00a0\u00bb\u00a0\u00bb button_block=\u00a0\u00bbtrue\u00a0\u00bb link=\u00a0\u00bburl:https%3A%2F%2Fcjf-fjc.ca%2Fcriteria%2F\u00a0\u00bb][vc_separator css=\u00a0\u00bb\u00a0\u00bb]\n    <div style=\"text-align:center\" class=\"nd_options_section\">\n      <img decoding=\"async\" alt=\"\" style=\"width:100%\" class=\" nd_options_margin_0 nd_options_padding_0 \" src=\"https:\/\/cjf-fjc.ca\/wp-content\/uploads\/CJF-AWARDS-2025-copy-3-1024x576.jpg\">\n    <\/div>\n   <div style=\"background-color:;height: 50px\" class=\"nicdark_section  \"><\/div>[vc_column_text css=\u00a0\u00bb\u00a0\u00bb]<\/p>\n<h2 id=\"tw-target-text\" class=\"tw-data-text tw-text-large tw-ta\" dir=\"ltr\" data-placeholder=\"Translation\" data-ved=\"2ahUKEwisodXw8_uNAxWcLVkFHVF0KFAQ3ewLegQICRAV\" aria-label=\"Translated text: Laur\u00e9at du prix de photojournalisme Tom Hanson\"><span class=\"Y2IQFc\" lang=\"fr\">Laur\u00e9at du prix de photojournalisme Tom Hanson<\/span><\/h2>\n<p>&nbsp;<\/p>\n<p>TORONTO, March 31, 2025 \u2013&nbsp;<strong>Sammy Kogan,&nbsp;<\/strong>a Toronto-based photojournalist and multimedia creator, is the recipient of the 2025&nbsp;<a href=\"https:\/\/c212.net\/c\/link\/?t=0&amp;l=en&amp;o=4142331-1&amp;h=2142042896&amp;u=https%3A%2F%2Fcjf-fjc.ca%2Fawards%2Ftom-hanson-photojournalism-award&amp;a=Tom+Hanson+Photojournalism+Award\"><strong>Tom Hanson Photojournalism Award<\/strong><\/a>&nbsp;presented by The Canadian Journalism Foundation (CJF) and The Canadian Press (CP).<\/p>\n<p>&nbsp;<\/p>\n<p>This award is generously supported by&nbsp;<a href=\"https:\/\/c212.net\/c\/link\/?t=0&amp;l=en&amp;o=4142331-1&amp;h=1589638654&amp;u=https%3A%2F%2Fwww.sony.ca%2Fen&amp;a=Sony\"><strong>Sony<\/strong><\/a>.<\/p>\n<p>&nbsp;<\/p>\n<p><strong>CIBC<\/strong>&nbsp;is the presenting sponsor of the 2025 CJF Awards.<\/p>\n<p><img loading=\"lazy\" decoding=\"async\" class=\"alignnone size-full wp-image-23075\" src=\"https:\/\/cjf-fjc.ca\/wp-content\/uploads\/Copy-of-Sony_Logo_Black-2_1-300x147-1.png\" alt=\"\" width=\"300\" height=\"147\" srcset=\"https:\/\/cjf-fjc.ca\/wp-content\/uploads\/Copy-of-Sony_Logo_Black-2_1-300x147-1.png 300w, https:\/\/cjf-fjc.ca\/wp-content\/uploads\/Copy-of-Sony_Logo_Black-2_1-300x147-1-24x12.png 24w, https:\/\/cjf-fjc.ca\/wp-content\/uploads\/Copy-of-Sony_Logo_Black-2_1-300x147-1-36x18.png 36w, https:\/\/cjf-fjc.ca\/wp-content\/uploads\/Copy-of-Sony_Logo_Black-2_1-300x147-1-48x24.png 48w\" sizes=\"auto, (max-width: 300px) 100vw, 300px\" \/>[\/vc_column_text]<div style=\"background-color:;height: 100px\" class=\"nicdark_section  \"><\/div>[vc_raw_html css=\u00a0\u00bb\u00a0\u00bb]JTNDSDElM0VWb2lyJTIwbGUlMjBwb3J0Zm9saW8lMjBkZSUyMFNhbW15JTIwS29nYW4lM0MlMkZIMSUzRSUwQSUzQ2JyJTNFJTBBJTNDYSUyMGRhdGEtZmxpY2tyLWVtYmVkJTNEJTIydHJ1ZSUyMiUyMGhyZWYlM0QlMjJodHRwcyUzQSUyRiUyRnd3dy5mbGlja3IuY29tJTJGcGhvdG9zJTJGY2pmcHJvZ3JhbXMlMkZhbGJ1bXMlMkY3MjE3NzcyMDMyNDcyMjUzNCUyMiUyMHRpdGxlJTNEJTIyU2FtbXklMjBLb2dhbiUyMC0lMjAyMDI1JTIwVG9tJTIwSGFuc29uJTIwQXdhcmQlMjBXaW5uZXIlMjBQb3J0Zm9saW8lMjIlM0UlM0NpbWclMjBzcmMlM0QlMjJodHRwcyUzQSUyRiUyRmxpdmUuc3RhdGljZmxpY2tyLmNvbSUyRjY1NTM1JTJGNTQ0MTQzNDY0NDlfOThlZGY1YzE3Nl96LmpwZyUyMiUyMHdpZHRoJTNEJTIyNjQwJTIyJTIwaGVpZ2h0JTNEJTIyNDgwJTIyJTIwYWx0JTNEJTIyU2FtbXklMjBLb2dhbiUyMC0lMjAyMDI1JTIwVG9tJTIwSGFuc29uJTIwQXdhcmQlMjBXaW5uZXIlMjBQb3J0Zm9saW8lMjIlMkYlM0UlM0MlMkZhJTNFJTNDc2NyaXB0JTIwYXN5bmMlMjBzcmMlM0QlMjIlMkYlMkZlbWJlZHIuZmxpY2tyLmNvbSUyRmFzc2V0cyUyRmNsaWVudC1jb2RlLmpzJTIyJTIwY2hhcnNldCUzRCUyMnV0Zi04JTIyJTNFJTNDJTJGc2NyaXB0JTNF[\/vc_raw_html]<div style=\"background-color:;height: 120px\" class=\"nicdark_section  \"><\/div>[vc_video link=\u00a0\u00bbhttps:\/\/youtu.be\/E3_Chl5rhCY?si=yrwYAg8pS_hgolti\u00a0\u00bb css=\u00a0\u00bb\u00a0\u00bb][\/vc_column][vc_column width=\u00a0\u00bb1\/3&Prime; css=\u00a0\u00bb.vc_custom_1723231476524{background-color: #e5e5e5 !important;}\u00a0\u00bb]<div style=\"background-color:;height: px\" class=\"nicdark_section  \"><\/div>[vc_single_image image=\u00a0\u00bb17609&Prime; img_size=\u00a0\u00bbfull\u00a0\u00bb alignment=\u00a0\u00bbcenter\u00a0\u00bb css=\u00a0\u00bb\u00a0\u00bb][vc_separator][vc_column_text css=\u00a0\u00bb\u00a0\u00bb]<em>Voyez les rapports des laur\u00e9ats des ann\u00e9es pr\u00e9c\u00e9dentes<\/em><\/p>\n<p>&nbsp;<\/p>\n<p>2024<\/p>\n<p><strong><a href=\"https:\/\/www.flickr.com\/photos\/cjfprograms\/albums\/72177720316129926\/\">Paige Taylor White<\/a><\/strong><\/p>\n<p>&nbsp;<\/p>\n<p>2023<\/p>\n<p><strong><a href=\"https:\/\/www.flickr.com\/photos\/cjfprograms\/albums\/72177720307141654\/\">Spencer Colby<\/a><\/strong><\/p>\n<p>&nbsp;<\/p>\n<p>2022<\/p>\n<p><strong><a href=\"https:\/\/www.newswire.ca\/news-releases\/cjf-and-cp-name-2022-tom-hanson-photojournalism-winner-841363973.html\">Alex Lupul<\/a><\/strong><\/p>\n<p>&nbsp;<\/p>\n<p>2021<\/p>\n<p><strong><a href=\"https:\/\/cjf-fjc.ca\/evan-buhler-2021\/\">Evan Buhler<\/a><\/strong><\/p>\n<p>&nbsp;<\/p>\n<p>2020<\/p>\n<p><strong><a href=\"https:\/\/cjf-fjc.ca\/marissa-tiel-2020\/\">Marissa Tiel<\/a><\/strong><\/p>\n<p>&nbsp;<\/p>\n<p>2019<\/p>\n<p><strong><a href=\"https:\/\/cjf-fjc.ca\/andrew-lahodynskyj-2019\/\">Andrew Lahodynskyj<\/a><\/strong><\/p>\n<p>&nbsp;<\/p>\n<p>2018<\/p>\n<p><strong><a href=\"https:\/\/cjf-fjc.ca\/tijana-martin-2018\/\">Tijana Martin<\/a><\/strong><\/p>\n<p>&nbsp;<\/p>\n<p>2017<\/p>\n<p><strong><a href=\"https:\/\/cjf-fjc.ca\/chris-donovan-2017\/\">Chris Donovan<\/a><\/strong><\/p>\n<p>&nbsp;<\/p>\n<p>2016<\/p>\n<p><strong><a href=\"https:\/\/cjf-fjc.ca\/eduardo-lima-2016\/\">Eduardo Lima<\/a><\/strong><\/p>\n<p>&nbsp;<\/p>\n<p>2015<\/p>\n<p><strong><a href=\"https:\/\/cjf-fjc.ca\/tom-hanson-photojournalism-award-report-marta-iwanek\/\">Marta Iwanek<\/a><\/strong><\/p>\n<p>&nbsp;<\/p>\n<p>2014<\/p>\n<p><strong><a href=\"https:\/\/cjf-fjc.ca\/tom-hanson-photojournalism-award-report-hannah-yoon\/\">Hannah Yoon <\/a><\/strong><\/p>\n<p>&nbsp;<\/p>\n<p>2013<\/p>\n<p><strong><a href=\"https:\/\/cjf-fjc.ca\/galit-rodan-2013-tom-hanson-photojournalism-award-recipient\/\">Galit Rodan<\/a><\/strong><\/p>\n<p>&nbsp;<\/p>\n<p>2012<\/p>\n<p><strong><a href=\"https:\/\/cjf-fjc.ca\/michelle-siu-2012-tom-hanson-award-recipient\/\">Michelle Siu<\/a><\/strong><\/p>\n<p>&nbsp;<\/p>\n<p>2011<\/p>\n<p><strong><a href=\"https:\/\/cjf-fjc.ca\/sting-impunity-live-chat-exiled-eritrean-journalist-aaron-berhane\/\">Aaron Vincent Elkaim<\/a><\/strong><\/p>\n<p>&nbsp;<\/p>\n<p>2010<\/p>\n<p><strong><a href=\"https:\/\/cjf-fjc.ca\/adrien-veczan-2010-tom-hanson-award-recipient\/\">Adrien Veczan<\/a><\/strong>[\/vc_column_text][vc_separator][vc_column_text css=\u00a0\u00bb\u00a0\u00bb]<img loading=\"lazy\" decoding=\"async\" class=\"size-full wp-image-15431 aligncenter\" src=\"https:\/\/cjf-fjc.ca\/wp-content\/uploads\/thmandelaweb.jpg\" alt=\"\" width=\"247\" height=\"277\" \/><\/p>\n<p style=\"text-align: center;\"><a href=\"http:\/\/cponline.thecanadianpress.com\/graphics\/slideshow\/light.php?id=tom-hanson-gallery\">Voir une galerie de photos <\/a><\/p>\n<p style=\"text-align: center;\"><a href=\"http:\/\/cponline.thecanadianpress.com\/graphics\/slideshow\/light.php?id=tom-hanson-gallery\">de Le travail de Tom Hanson<\/a><\/p>\n<p>[\/vc_column_text]<div style=\"background-color:;height: 100%px\" class=\"nicdark_section  \"><\/div>[\/vc_column][\/vc_row]<\/p>\n<\/div>","protected":false},"excerpt":{"rendered":"<p>[vc_row][vc_column width=\u00a0\u00bb2\/3&Prime;][vc_btn title=\u00a0\u00bbPostulez ici\u00a0\u00bb align=\u00a0\u00bbcenter\u00a0\u00bb css=\u00a0\u00bb\u00a0\u00bb button_block=\u00a0\u00bbtrue\u00a0\u00bb link=\u00a0\u00bburl:https%3A%2F%2Fcjf-fjc.ca%2Fcriteria%2F\u00a0\u00bb][vc_column_text css=\u00a0\u00bb\u00a0\u00bb] Prix de photojournalisme Tom Hanson Ce prix offre \u00e0 un photojournaliste en d\u00e9but de carri\u00e8re un stage r\u00e9mun\u00e9r\u00e9 de six semaines [&hellip;]<\/p>\n","protected":false},"author":1,"featured_media":0,"parent":0,"menu_order":0,"comment_status":"closed","ping_status":"closed","template":"","meta":{"_acf_changed":false,"footnotes":""},"class_list":["post-18836","page","type-page","status-publish","hentry"],"acf":[],"_links":{"self":[{"href":"https:\/\/cjf-fjc.ca\/fr\/wp-json\/wp\/v2\/pages\/18836","targetHints":{"allow":["GET"]}}],"collection":[{"href":"https:\/\/cjf-fjc.ca\/fr\/wp-json\/wp\/v2\/pages"}],"about":[{"href":"https:\/\/cjf-fjc.ca\/fr\/wp-json\/wp\/v2\/types\/page"}],"author":[{"embeddable":true,"href":"https:\/\/cjf-fjc.ca\/fr\/wp-json\/wp\/v2\/users\/1"}],"replies":[{"embeddable":true,"href":"https:\/\/cjf-fjc.ca\/fr\/wp-json\/wp\/v2\/comments?post=18836"}],"version-history":[{"count":27,"href":"https:\/\/cjf-fjc.ca\/fr\/wp-json\/wp\/v2\/pages\/18836\/revisions"}],"predecessor-version":[{"id":25642,"href":"https:\/\/cjf-fjc.ca\/fr\/wp-json\/wp\/v2\/pages\/18836\/revisions\/25642"}],"wp:attachment":[{"href":"https:\/\/cjf-fjc.ca\/fr\/wp-json\/wp\/v2\/media?parent=18836"}],"curies":[{"name":"wp","href":"https:\/\/api.w.org\/{rel}","templated":true}]}}